{"id":1240,"date":"2021-10-28T14:56:12","date_gmt":"2021-10-28T14:56:12","guid":{"rendered":"https:\/\/www.leinad.es\/politica-de-privacitat\/"},"modified":"2021-11-04T13:56:51","modified_gmt":"2021-11-04T13:56:51","slug":"politica-de-privacitat","status":"publish","type":"page","link":"https:\/\/www.leinad.es\/ca\/politica-de-privacitat\/","title":{"rendered":"Pol\u00edtica de Privacitat"},"content":{"rendered":"<p>[et_pb_section fb_built=&#8221;1&#8243; admin_label=&#8221;section&#8221; _builder_version=&#8221;3.22&#8243;][et_pb_row admin_label=&#8221;row&#8221; _builder_version=&#8221;4.4.6&#8243; background_size=&#8221;initial&#8221; background_position=&#8221;top_left&#8221; background_repeat=&#8221;repeat&#8221; width=&#8221;60%&#8221; width_tablet=&#8221;80%&#8221; width_phone=&#8221;90%&#8221; width_last_edited=&#8221;on|phone&#8221;][et_pb_column type=&#8221;4_4&#8243; _builder_version=&#8221;3.25&#8243; custom_padding=&#8221;|||&#8221; custom_padding__hover=&#8221;|||&#8221;][et_pb_text admin_label=&#8221;Text&#8221; _builder_version=&#8221;4.9.3&#8243; header_line_height=&#8221;1.8em&#8221; background_size=&#8221;initial&#8221; background_position=&#8221;top_left&#8221; background_repeat=&#8221;repeat&#8221;]<\/p>\n<h1 class=%22mt-0%22>Pol\u00edtica de Privacitat<\/h1>\n<p>La confidencialitat i la seguretat s\u00f3n valors primordials de LEINAD, S.A. i, en conseq\u00fc\u00e8ncia, assumim el comprom\u00eds de garantir la privacitat de l&#8217;Usuari en tot moment i de no recaptar informaci\u00f3 innecess\u00e0ria. A continuaci\u00f3, li proporcionem tota la informaci\u00f3 necess\u00e0ria sobre la nostra Pol\u00edtica de Privacitat en relaci\u00f3 amb les dades personals que recaptem, explicant-li:<\/p>\n<ul>\n<li>Qui \u00e9s el responsable del tractament de les seves dades.<\/li>\n<li>Per a quines finalitats recaptem les dades que li sol\u00b7licitem.<\/li>\n<li>Quina \u00e9s la legitimaci\u00f3 per al seu tractament.<\/li>\n<li>Durant quant temps els conservem.<\/li>\n<li>A quins destinataris es comuniquen les seves dades.<\/li>\n<li>Quins s\u00f3n els seus drets.<\/li>\n<\/ul>\n<p><strong>1. Responsable<\/strong><strong>:<\/strong><\/p>\n<p>LEINAD, S.A. A58130485<\/p>\n<ul>\n<li>C\/Ind\u00fastria 25-27 Pol. Ind. El Pla, 08980 Sant Feliu de Llobregat<\/li>\n<li>e-mail: <a title=%22info@leinad.es%22 href=%22mailto:info@leinad.es%22>info@leinad.es<\/a><\/li>\n<\/ul>\n<p><strong>2. Finalitats, legitimaci\u00f3 i conservaci\u00f3 dels tractaments de les dades enviades a trav\u00e9s de: <\/strong><span><\/span><\/p>\n<ul>\n<li>FORMULARI DE CONTACTE.<br \/>Finalitat: Facilitar-li un mitj\u00e0 perqu\u00e8 pugui posar-se en contacte amb nosaltres i contestar a les seves sol\u00b7licituds d&#8217;informaci\u00f3, aix\u00ed com enviar-li comunicacions dels nostres productes, serveis i activitats, inclusivament per mitjans electr\u00f2nics (Correu electr\u00f2nic, SMS, WhatsApp), si marca la casella d&#8217;acceptaci\u00f3<br \/>Legitimaci\u00f3: El consentiment de l&#8217;usuari en sol\u00b7licitar-nos informaci\u00f3 a trav\u00e9s del nostre formulari de contactes i en marcar la casella d&#8217;acceptaci\u00f3 d&#8217;enviament d&#8217;informaci\u00f3.<br \/>Conservaci\u00f3: Una vegada resulta la seva sol\u00b7licitud per mitj\u00e0 del nostre formulari o contestada per correu electr\u00f2nic, si no ha generat un nou tractament, i en cas d&#8217;haver acceptat rebre enviaments comercials, fins que sol\u00b7liciti la baixa d&#8217;aquests.<\/li>\n<\/ul>\n<ul>\n<li>ENVIAMENT DE CORREUS ELECTR\u00d2NICS.<br \/>Finalitat: Contestar a les seves sol\u00b7licituds d&#8217;informaci\u00f3, atendre les seves peticions i respondre les seves consultes o dubtes.<br \/>Legitimaci\u00f3: El consentiment de l&#8217;usuari en sol\u00b7licitar-nos informaci\u00f3 a trav\u00e9s de l&#8217;adre\u00e7a de correu electr\u00f2nic.<br \/>Conservaci\u00f3: Una vegada resulta contestada la seva petici\u00f3 per correu electr\u00f2nic, si no ha generat un nou tractament.<\/li>\n<\/ul>\n<ul>\n<li>ENVIAMENT DEL CURRICULUM VITAE PER CORREU ELECTR\u00d2NIC<br \/>Finalitat: Disposar del seu curr\u00edculum per a participar en els nostres processos de selecci\u00f3 de personal.<br \/>Legitimaci\u00f3: El consentiment de l&#8217;usuari en remetre&#8217;ns la seva informaci\u00f3 personal i curr\u00edculum per als nostres processos de selecci\u00f3 de personal.<br \/>Conservaci\u00f3: Durant el desenvolupament dels processos de selecci\u00f3 de personal oberts i durant 1 any per a futurs processos.<\/li>\n<\/ul>\n<p><strong>3. Destinataris de les seves dades<\/strong><\/p>\n<p>Les seves dades s\u00f3n confidencials i no se cediran a tercers, tret que existeixi obligaci\u00f3 legal.<\/p>\n<p><strong>4. Drets en relaci\u00f3 amb les seves dades personals<\/strong><\/p>\n<p>Qualsevol persona pot retirar el seu consentiment en qualsevol moment, quan el mateix s&#8217;hagi atorgat pel tractament de les seves dades. En cap cas, la retirada d&#8217;aquest consentiment condiciona l&#8217;execuci\u00f3 del contracte de subscripci\u00f3 o les relacions generades amb anterioritat.<\/p>\n<p>Igualment, pot exercir els seg\u00fcents drets:<\/p>\n<ul>\n<li>Sol\u00b7licitar l&#8217;acc\u00e9s a les seves dades personals o la seva rectificaci\u00f3 quan siguin inexactes.<\/li>\n<li>Sol\u00b7licitar la seva supressi\u00f3 quan, entre altres motius, les dades ja no siguin necessaris per als fins per als quals van ser recollits.<\/li>\n<li>Sol\u00b7licitar la limitaci\u00f3 del seu tractament en determinades circumst\u00e0ncies.<\/li>\n<li>Sol\u00b7licitar l&#8217;oposici\u00f3 al tractament de les seves dades per motius relacionats amb la seva situaci\u00f3 particular.<\/li>\n<li>Sol\u00b7licitar la portabilitat de les dades en els casos previstos en la normativa.<\/li>\n<li>Altres drets reconeguts en les normatives aplicables.\n<\/li>\n<\/ul>\n<p>On i com sol\u00b7licitar els seus Drets: Mitjan\u00e7ant un escrit dirigit al responsable a la seva adre\u00e7a postal (indicada a l&#8217;apartat 1), indicant la refer\u00e8ncia \u201cDades Personals\u201d, especificant el dret que es vol exercir i respecte a quines dades personals.<\/p>\n<p>En cas de diverg\u00e8ncies amb l&#8217;empresa en relaci\u00f3 amb el tractament de les seves dades, pot presentar una reclamaci\u00f3 davant l&#8217;Autoritat de Protecci\u00f3 de Dades (<span><a href=%22http:\/\/www.agpd.es\/%22>www.agpd.es<\/a><\/span>).<\/p>\n<p><strong>5. Cookies<\/strong><\/p>\n<p>Aquesta p\u00e0gina web, \u00fanicament utilitza cookies t\u00e8cniques, de personalitzaci\u00f3 i an\u00e0lisi, pr\u00f2pies i de tercers (Google Analytics), que en cap cas tracten dades de car\u00e0cter personal ni capten h\u00e0bits de navegaci\u00f3 per a fins publicitaris.<\/p>\n<p>Per aix\u00f2, en accedir a la nostra web, en compliment de l&#8217;article 22 de la Llei de Serveis de la Societat de la Informaci\u00f3, en tractar cookies d&#8217;an\u00e0lisis, li hem sol\u00b7licitat el seu consentiment pel seu \u00fas i facilitat informaci\u00f3 d&#8217;aquestes, que en tot cas s&#8217;instal\u00b7laran passat un termini de temps prudencial perqu\u00e8 l&#8217;usuari tingui temps de decidir prestar el seu consentiment o no.<\/p>\n<p><strong>6. Seguretat de les seves dades personals<\/strong><\/p>\n<p>Amb l&#8217;objectiu de salvaguardar la seguretat de les seves dades personals, l&#8217;informem que hem adoptat totes les mesures d&#8217;\u00edndole t\u00e8cnica i organitzativa necess\u00e0ries per a garantir la seguretat de les dades personals subministrades de la seva alteraci\u00f3, p\u00e8rdua, i tractaments o accessos no autoritzats.<\/p>\n<p><strong>7. Actualitzaci\u00f3 de les seves dades<\/strong><\/p>\n<p>\u00c9s important que perqu\u00e8 puguem mantenir les seves dades personals actualitzades, ens informi sempre que hi hagi hagut alguna modificaci\u00f3 en ells, en cas contrari, no responem de la veracitat d&#8217;aquests.<\/p>\n<p>No ens fem responsables de la pol\u00edtica de privacitat respecte a les dades personals que pugui facilitar a tercers per mitj\u00e0 dels enlla\u00e7os disponibles en la nostra p\u00e0gina web.<\/p>\n<p>La present Pol\u00edtica de Privacitat pot ser modificada per a adaptar-les als canvis que es produeixi en la nostra web, aix\u00ed com modificacions legislatives o jurisprudencials sobre dades personals que vagin apareixent, per la qual cosa exigeix la seva lectura, cada vegada que ens faciliti les seves dades a trav\u00e9s d&#8217;aquesta Web.<\/p>\n<p>[\/et_pb_text][\/et_pb_column][\/et_pb_row][\/et_pb_section]<\/p>\n","protected":false},"excerpt":{"rendered":"<p>Pol\u00edtica de Privacitat La confidencialitat i la seguretat s\u00f3n valors primordials de LEINAD, S.A. i, en conseq\u00fc\u00e8ncia, assumim el comprom\u00eds de garantir la privacitat de l&#8217;Usuari en tot moment i de no recaptar informaci\u00f3 innecess\u00e0ria. A continuaci\u00f3, li proporcionem tota la informaci\u00f3 necess\u00e0ria sobre la nostra Pol\u00edtica de Privacitat en relaci\u00f3 amb les dades personals [&hellip;]<\/p>\n","protected":false},"author":1,"featured_media":0,"parent":0,"menu_order":0,"comment_status":"closed","ping_status":"open","template":"","meta":{"_et_pb_use_builder":"on","_et_pb_old_content":"","_et_gb_content_width":""},"acf":[],"yoast_head":"<!-- This site is optimized with the Yoast SEO plugin v20.6 - https:\/\/yoast.com\/wordpress\/plugins\/seo\/ -->\n<title>Pol\u00edtica de Privacitat - Leinad<\/title>\n<meta name=\"description\" content=\"La confidencialitat i la seguretat s\u00f3n valors primordials de LEINAD i en conseq\u00fc\u00e8ncia assumim el comprom\u00eds de garantir la privacitat.\" \/>\n<meta name=\"robots\" content=\"index, follow, max-snippet:-1, max-image-preview:large, max-video-preview:-1\" \/>\n<link rel=\"canonical\" href=\"https:\/\/www.leinad.es\/ca\/politica-de-privacitat\/\" \/>\n<meta property=\"og:locale\" content=\"ca_ES\" \/>\n<meta property=\"og:type\" content=\"article\" \/>\n<meta property=\"og:title\" content=\"Pol\u00edtica de Privacitat - Leinad\" \/>\n<meta property=\"og:description\" content=\"La confidencialitat i la seguretat s\u00f3n valors primordials de LEINAD i en conseq\u00fc\u00e8ncia assumim el comprom\u00eds de garantir la privacitat.\" \/>\n<meta property=\"og:url\" content=\"https:\/\/www.leinad.es\/ca\/politica-de-privacitat\/\" \/>\n<meta property=\"og:site_name\" content=\"Leinad\" \/>\n<meta property=\"article:modified_time\" content=\"2021-11-04T13:56:51+00:00\" \/>\n<meta name=\"twitter:card\" content=\"summary_large_image\" \/>\n<meta name=\"twitter:label1\" content=\"Temps estimat de lectura\" \/>\n\t<meta name=\"twitter:data1\" content=\"5 minuts\" \/>\n<script type=\"application\/ld+json\" class=\"yoast-schema-graph\">{\"@context\":\"https:\/\/schema.org\",\"@graph\":[{\"@type\":\"WebPage\",\"@id\":\"https:\/\/www.leinad.es\/ca\/politica-de-privacitat\/\",\"url\":\"https:\/\/www.leinad.es\/ca\/politica-de-privacitat\/\",\"name\":\"Pol\u00edtica de Privacitat - Leinad\",\"isPartOf\":{\"@id\":\"https:\/\/www.leinad.es\/ca\/#website\"},\"datePublished\":\"2021-10-28T14:56:12+00:00\",\"dateModified\":\"2021-11-04T13:56:51+00:00\",\"description\":\"La confidencialitat i la seguretat s\u00f3n valors primordials de LEINAD i en conseq\u00fc\u00e8ncia assumim el comprom\u00eds de garantir la privacitat.\",\"breadcrumb\":{\"@id\":\"https:\/\/www.leinad.es\/ca\/politica-de-privacitat\/#breadcrumb\"},\"inLanguage\":\"ca\",\"potentialAction\":[{\"@type\":\"ReadAction\",\"target\":[\"https:\/\/www.leinad.es\/ca\/politica-de-privacitat\/\"]}]},{\"@type\":\"BreadcrumbList\",\"@id\":\"https:\/\/www.leinad.es\/ca\/politica-de-privacitat\/#breadcrumb\",\"itemListElement\":[{\"@type\":\"ListItem\",\"position\":1,\"name\":\"Portada\",\"item\":\"https:\/\/www.leinad.es\/ca\/\"},{\"@type\":\"ListItem\",\"position\":2,\"name\":\"Pol\u00edtica de Privacitat\"}]},{\"@type\":\"WebSite\",\"@id\":\"https:\/\/www.leinad.es\/ca\/#website\",\"url\":\"https:\/\/www.leinad.es\/ca\/\",\"name\":\"Leinad\",\"description\":\"Wordpress base LTW\",\"potentialAction\":[{\"@type\":\"SearchAction\",\"target\":{\"@type\":\"EntryPoint\",\"urlTemplate\":\"https:\/\/www.leinad.es\/ca\/?s={search_term_string}\"},\"query-input\":\"required name=search_term_string\"}],\"inLanguage\":\"ca\"}]}<\/script>\n<!-- \/ Yoast SEO plugin. -->","yoast_head_json":{"title":"Pol\u00edtica de Privacitat - Leinad","description":"La confidencialitat i la seguretat s\u00f3n valors primordials de LEINAD i en conseq\u00fc\u00e8ncia assumim el comprom\u00eds de garantir la privacitat.","robots":{"index":"index","follow":"follow","max-snippet":"max-snippet:-1","max-image-preview":"max-image-preview:large","max-video-preview":"max-video-preview:-1"},"canonical":"https:\/\/www.leinad.es\/ca\/politica-de-privacitat\/","og_locale":"ca_ES","og_type":"article","og_title":"Pol\u00edtica de Privacitat - Leinad","og_description":"La confidencialitat i la seguretat s\u00f3n valors primordials de LEINAD i en conseq\u00fc\u00e8ncia assumim el comprom\u00eds de garantir la privacitat.","og_url":"https:\/\/www.leinad.es\/ca\/politica-de-privacitat\/","og_site_name":"Leinad","article_modified_time":"2021-11-04T13:56:51+00:00","twitter_card":"summary_large_image","twitter_misc":{"Temps estimat de lectura":"5 minuts"},"schema":{"@context":"https:\/\/schema.org","@graph":[{"@type":"WebPage","@id":"https:\/\/www.leinad.es\/ca\/politica-de-privacitat\/","url":"https:\/\/www.leinad.es\/ca\/politica-de-privacitat\/","name":"Pol\u00edtica de Privacitat - Leinad","isPartOf":{"@id":"https:\/\/www.leinad.es\/ca\/#website"},"datePublished":"2021-10-28T14:56:12+00:00","dateModified":"2021-11-04T13:56:51+00:00","description":"La confidencialitat i la seguretat s\u00f3n valors primordials de LEINAD i en conseq\u00fc\u00e8ncia assumim el comprom\u00eds de garantir la privacitat.","breadcrumb":{"@id":"https:\/\/www.leinad.es\/ca\/politica-de-privacitat\/#breadcrumb"},"inLanguage":"ca","potentialAction":[{"@type":"ReadAction","target":["https:\/\/www.leinad.es\/ca\/politica-de-privacitat\/"]}]},{"@type":"BreadcrumbList","@id":"https:\/\/www.leinad.es\/ca\/politica-de-privacitat\/#breadcrumb","itemListElement":[{"@type":"ListItem","position":1,"name":"Portada","item":"https:\/\/www.leinad.es\/ca\/"},{"@type":"ListItem","position":2,"name":"Pol\u00edtica de Privacitat"}]},{"@type":"WebSite","@id":"https:\/\/www.leinad.es\/ca\/#website","url":"https:\/\/www.leinad.es\/ca\/","name":"Leinad","description":"Wordpress base LTW","potentialAction":[{"@type":"SearchAction","target":{"@type":"EntryPoint","urlTemplate":"https:\/\/www.leinad.es\/ca\/?s={search_term_string}"},"query-input":"required name=search_term_string"}],"inLanguage":"ca"}]}},"_links":{"self":[{"href":"https:\/\/www.leinad.es\/ca\/wp-json\/wp\/v2\/pages\/1240"}],"collection":[{"href":"https:\/\/www.leinad.es\/ca\/wp-json\/wp\/v2\/pages"}],"about":[{"href":"https:\/\/www.leinad.es\/ca\/wp-json\/wp\/v2\/types\/page"}],"author":[{"embeddable":true,"href":"https:\/\/www.leinad.es\/ca\/wp-json\/wp\/v2\/users\/1"}],"replies":[{"embeddable":true,"href":"https:\/\/www.leinad.es\/ca\/wp-json\/wp\/v2\/comments?post=1240"}],"version-history":[{"count":3,"href":"https:\/\/www.leinad.es\/ca\/wp-json\/wp\/v2\/pages\/1240\/revisions"}],"predecessor-version":[{"id":1417,"href":"https:\/\/www.leinad.es\/ca\/wp-json\/wp\/v2\/pages\/1240\/revisions\/1417"}],"wp:attachment":[{"href":"https:\/\/www.leinad.es\/ca\/wp-json\/wp\/v2\/media?parent=1240"}],"curies":[{"name":"wp","href":"https:\/\/api.w.org\/{rel}","templated":true}]}}